{"id":406,"date":"2017-01-18T10:51:00","date_gmt":"2017-01-18T10:51:00","guid":{"rendered":"https:\/\/darayudaac.org\/2021\/?page_id=406"},"modified":"2022-01-11T02:23:00","modified_gmt":"2022-01-11T02:23:00","slug":"about-style-1","status":"publish","type":"page","link":"https:\/\/darayudaac.org\/2021\/?page_id=406","title":{"rendered":"NUESTROS PROGRAMAS"},"content":{"rendered":"<p>[vc_row css=&#8221;.vc_custom_1639908629154{background-image: url(https:\/\/darayudaac.org\/2021\/wp-content\/uploads\/2021\/12\/6-scaled.jpg?id=1609) !important;}&#8221;][vc_column]<div  id=\"sc_promo_1814697742\" \n\tclass=\"scheme_dark sc_promo sc_promo_default  vc_custom_1640996233936 sc_promo_size_large sc_promo_image_position_right\"><div class=\"sc_promo_image\" style=\"background-image:url(https:\/\/darayudaac.org\/2021\/wp-content\/uploads\/2022\/01\/236727649_231509972311923_4626111685848381353_n.jpg);width:50%;right: 0;\"><\/div><div class=\"sc_promo_text\" style=\"width: 50%;float: left;\">\n\t\t\t<div class=\"sc_promo_text_inner\" style=\"\"><h6 class=\"sc_item_subtitle sc_promo_subtitle sc_align_left sc_item_title_style_default\">DAR enriquece nuestro esp\u00edritu.<\/h6><h1 class=\"sc_item_title sc_promo_title sc_align_left sc_item_title_style_default sc_item_title_tag\">Conoce m\u00e1s sobre nuestros programas<\/h1><div class=\"sc_item_descr sc_promo_descr sc_align_left\">En Dar ayuda a la ni\u00f1ez A.C. contamos con 9 programas dedicados a brindar mayor bienestar a ni\u00f1os y ni\u00f1as de nuestra sociedad, enfoc\u00e1ndonos en grupos de mayor vulnerabilidad. Las personas f\u00edsicas y morales que se unen a nuestras causas mediante aportaciones econ\u00f3micas y en especie se convierten en nuestros \u00c1ngeles de Esperanza. Los recursos se distribuyen equitativamente dependiendo la demanda en cada una de las comunidades que atendemos.<\/div><div class=\"sc_promo_content sc_item_content\">[vc_column_text]<\/p>\n<ul class=\"trx_addons_list_success_circled\">\n<li><strong>Guerreros contra el c\u00e1ncer<\/strong><\/li>\n<li><strong>Entrega mensual de despensas<\/strong><\/li>\n<li><strong>Brigada de Salud &#8220;Sonrisas&#8221;<\/strong><\/li>\n<li><strong>Entrega mensual de apoyos econ\u00f3micos para gastos b\u00e1sicos de subsistencia<\/strong><\/li>\n<li><strong>Amor, Inclusi\u00f3n y Desarrollo para ni\u00f1os y ni\u00f1as con discapacidad<\/strong><\/li>\n<li><strong>Un juguete una sonrisa<\/strong><\/li>\n<li><strong>Donativo de \u00fatiles escolares<\/strong><\/li>\n<li><strong>Colectas en especie de comida, ropa, juguetes y art\u00edculos en buen estado para ni\u00f1o y ni\u00f1a<\/strong><\/li>\n<li><strong>Programa de apadrinamiento<\/strong><\/li>\n<\/ul>\n<p>[\/vc_column_text]<\/div><\/div>\n\t\t<\/div><!-- \/.sc_promo_text --><\/div><!-- \/.sc_promo -->[\/vc_column][\/vc_row][vc_row][vc_column][vc_empty_space height=&#8221;70px&#8221; hide_on_mobile=&#8221;&#8221;][\/vc_column][\/vc_row][vc_row][vc_column][vc_empty_space height=&#8221;5.1em&#8221; alter_height=&#8221;none&#8221; hide_on_mobile=&#8221;&#8221;][vc_column_text]<\/p>\n<h2 style=\"text-align: center;\">Nuestros. <a href=\"\/team\/\">Programas<\/a><\/h2>\n<p>[\/vc_column_text][vc_empty_space height=&#8221;1.35em&#8221; alter_height=&#8221;none&#8221; hide_on_mobile=&#8221;&#8221;][vc_column_text]<\/p>\n<p style=\"text-align: center;\">Conoce m\u00e1s detalles<\/p>\n<p>[\/vc_column_text][vc_empty_space height=&#8221;2.4em&#8221; alter_height=&#8221;none&#8221; hide_on_mobile=&#8221;&#8221;][vc_empty_space height=&#8221;3.6em&#8221; alter_height=&#8221;none&#8221; hide_on_mobile=&#8221;&#8221;][\/vc_column][\/vc_row][vc_row css=&#8221;.vc_custom_1640995990971{margin-right: 0px !important;margin-left: 0px !important;background-image: url(https:\/\/darayudaac.org\/2021\/wp-content\/uploads\/2022\/01\/cancer.jpg?id=1746) !important;background-position: center !important;background-repeat: no-repeat !important;background-size: cover !important;border-radius: 5px !important;}&#8221;][vc_column width=&#8221;1\/2&#8243;][\/vc_column][vc_column width=&#8221;1\/2&#8243; css=&#8221;.vc_custom_1485943906148{padding-right: 10% !important;padding-left: 10% !important;}&#8221;][vc_empty_space height=&#8221;5em&#8221; alter_height=&#8221;none&#8221; hide_on_mobile=&#8221;&#8221;][vc_empty_space height=&#8221;1.4em&#8221; alter_height=&#8221;none&#8221; hide_on_mobile=&#8221;1&#8243;]<div id=\"sc_title_1992124310\"\n\t\tclass=\"scheme_dark sc_title sc_title_extra\"><h6 class=\"sc_item_subtitle sc_title_subtitle sc_align_left sc_item_title_style_extra\">Programas<\/h6><h3 class=\"sc_item_title sc_title_title sc_align_left sc_item_title_style_extra\">Guerreros contra el cancer<\/h3><div class=\"sc_item_descr sc_title_descr sc_align_left\">Este programa es uno de los m\u00e1s importantes para nosotros, ya que consiste en salvar vidas. Va enfocado en brindar ayuda a padres con ni\u00f1os enfermos y asociaciones que albergan ni\u00f1@s con enfermedad y apoyan con tratamientos de quimioterapia y medicamentos.<\/div><\/div><!-- \/.sc_title -->[vc_empty_space height=&#8221;0.6em&#8221; alter_height=&#8221;none&#8221; hide_on_mobile=&#8221;&#8221;][vc_empty_space height=&#8221;4.8em&#8221; alter_height=&#8221;none&#8221; hide_on_mobile=&#8221;&#8221;][\/vc_column][\/vc_row][vc_row][vc_column width=&#8221;1\/2&#8243;][vc_column_text]<span style=\"font-weight: 400;\">Recibimos solicitudes directas de padres para apoyarles con gastos de los tratamientos para brindar acompa\u00f1amiento integral a ni\u00f1as, ni\u00f1os y adolescentes de escasos recursos y sin seguridad social, durante sus tratamientos oncol\u00f3gicos<\/span><\/p>\n<p><span style=\"font-weight: 400;\">De la mano con la <\/span><b>Asociaci\u00f3n de padres de familia con ni\u00f1os enfermos<\/b> <b>AC<\/b><span style=\"font-weight: 400;\"> liderada por Omar Enrique Hern\u00e1ndez vivimos de cerca la problem\u00e1tica y hacemos frente a las principales necesidades a las que se enfrentan.\u00a0\u00a0<\/span><\/p>\n<p><span style=\"font-weight: 400;\">Estamos conscientes que la lucha contra el c\u00e1ncer tambi\u00e9n se vive duramente por parte de los padres que no solo educan y aman a sus hijos, si no tambi\u00e9n cambian su vida por tomar la mano de sus peque\u00f1os en el hospital<\/span><\/p>\n<p><b>\u00a1Nuestra misi\u00f3n es tener m\u00e1s ni\u00f1os estrella en la tierra que peque\u00f1as estrellas en el cielo!<\/b>[\/vc_column_text][vc_empty_space hide_on_mobile=&#8221;&#8221;][\/vc_column][vc_column width=&#8221;1\/2&#8243;][vc_single_image image=&#8221;1482&#8243; img_size=&#8221;large&#8221;][\/vc_column][\/vc_row][vc_row][vc_column width=&#8221;1\/2&#8243;]<div id=\"sc_title_1359920841\"\n\t\tclass=\"sc_title sc_title_default\"><h3 class=\"sc_item_title sc_title_title sc_align_left sc_item_title_style_default\">El Cancer en M\u00e9xico<\/h3><\/div><!-- \/.sc_title -->[vc_column_text]<b>1 a 4 a\u00f1os<\/b><span style=\"font-weight: 400;\">: ES LA EDAD EN LA QUE SE PRESENTA CON MAYOR FRECUENCIA<\/span><\/p>\n<p><b>75%<\/b><span style=\"font-weight: 400;\"> RECIBE TRATAMIENTO EN ETAPAS AVANZADAS<\/span><\/p>\n<p><b>5 a 6 mil<\/b><span style=\"font-weight: 400;\"> NUEVOS CASOS AL A\u00d1O EN MENORES DE 18 A\u00d1OS.<\/span><\/p>\n<p><b>AFECTA A M\u00c1S NI\u00d1OS QUE NI\u00d1AS<\/b><span style=\"font-weight: 400;\">, Se presenta mayormente como:<\/span><\/p>\n<ul>\n<li><span style=\"font-weight: 400;\">Leucemias agudas<\/span><\/li>\n<li><span style=\"font-weight: 400;\">Linfomas<\/span><\/li>\n<li><span style=\"font-weight: 400;\">Tumores del sistema nervioso central<\/span><\/li>\n<\/ul>\n<p><span style=\"font-weight: 400;\">Fuente: Centro Nacional para la Salud y la Adolescencia (Censia).<\/span>[\/vc_column_text][\/vc_column][vc_column width=&#8221;1\/2&#8243;][vc_column_text]<div class=\"give-embed-form-wrapper\" id=\"give-69f43fefaa71e\"><iframe\n\t\t\t\tname=\"give-embed-form\"\n\t\t\t\tsrc=\"https:\/\/darayudaac.org\/2021?give_form_id=guerreros-contra-el-cancer&url_prefix=give&giveDonationFormInIframe=1&rest_route=%2Fwp%2Fv2%2Fpages%2F406\"\n\t\t\t\t\n\t\t\t\tdata-autoScroll=\"0\"\n\t\t\t\tonload=\"if( 'undefined' !== typeof Give ) { Give.initializeIframeResize(this) }\"\n\t\t\t\tstyle=\"border: 0;visibility: hidden;min-height: 598px;\"><\/iframe><div class=\"iframe-loader\">\n<div style=\"\n\t\theight: calc(100% - 28px);\n\t\twidth: calc(100% - 20px);\n\t\tmax-width: 552px;\n\t\tmargin: 10px auto 10px auto;\n\t\tbackground: #fff;\n\t\tborder-radius: 6px;\n\t\tdisplay: flex;\n\t\talign-items: center;\n\t\tjustify-content: center;\n\t\t-webkit-box-shadow: 0 2px 2px 0 rgba(0, 0, 0, 0.14),\n\t\t\t0 3px 1px -2px rgba(0, 0, 0, 0.2),\n\t\t\t0 1px 5px 0 rgba(0, 0, 0, 0.12);\n\t\tbox-shadow: 0 2px 2px 0 rgba(0, 0, 0, 0.14),\n\t\t\t0 3px 1px -2px rgba(0, 0, 0, 0.2),\n\t\t\t0 1px 5px 0 rgba(0, 0, 0, 0.12);\n\t\">\n    <div style=\"\n        pointer-events: none;\n        height: 90px;\n        width: 90px;\n        background-image: url(&quot;data:image\/svg+xml;charset=utf8,%3C?xml version='1.0' encoding='utf-8'?%3E%3C!-- Generator: Adobe Illustrator 24.1.0, SVG Export Plug-In . SVG Version: 6.00 Build 0) --%3E%3Csvg version='1.1' id='Layer_1' xmlns='http:\/\/www.w3.org\/2000\/svg' xmlns:xlink='http:\/\/www.w3.org\/1999\/xlink' x='0px' y='0px' viewBox='0 0 349 348' style='enable-background:new 0 0 349 348;' xml:space='preserve'%3E%3Cstyle type='text\/css'%3E .st0{fill:%2328C77B;} %3C\/style%3E%3Cpath class='st0' d='M25.1,204.57c-13.38,0-24.47-10.6-24.97-24.08C0.04,178.09,0,175.97,0,174C0,77.78,78.28-0.5,174.5-0.5 c13.81,0,25,11.19,25,25s-11.19,25-25,25C105.85,49.5,50,105.35,50,174c0,1.37,0.03,2.85,0.1,4.65c0.51,13.8-10.27,25.39-24.07,25.9 C25.72,204.56,25.41,204.57,25.1,204.57z'\/%3E%3Cpath class='st0' d='M174.5,348.5c-13.81,0-25-11.19-25-25c0-13.81,11.19-25,25-25c68.65,0,124.5-55.85,124.5-124.5 c0-1.38-0.03-2.85-0.1-4.65c-0.51-13.8,10.26-25.4,24.06-25.91c13.83-0.53,25.4,10.26,25.91,24.06c0.09,2.39,0.13,4.51,0.13,6.49 C349,270.22,270.72,348.5,174.5,348.5z'\/%3E%3C\/svg%3E&quot;);\n        animation: spin 0.6s linear infinite;\n        \"><\/div>\n<\/div>\n<\/div><\/div>[\/vc_column_text][\/vc_column][\/vc_row][vc_row][vc_column][vc_empty_space height=&#8221;5.1em&#8221; alter_height=&#8221;none&#8221; hide_on_mobile=&#8221;&#8221;]<div id=\"sc_title_891596960\"\n\t\tclass=\"sc_title sc_title_default\"><h3 class=\"sc_item_title sc_title_title sc_align_left sc_item_title_style_default\">Programa entrega mensual de despensas<\/h3><\/div><!-- \/.sc_title -->[vc_row_inner][vc_column_inner width=&#8221;1\/2&#8243;][vc_single_image image=&#8221;1605&#8243; img_size=&#8221;large&#8221;][vc_empty_space hide_on_mobile=&#8221;&#8221;]<div id=\"sc_title_1662690621\"\n\t\tclass=\"sc_title sc_title_default\"><h5 class=\"sc_item_title sc_title_title sc_align_center sc_item_title_style_default sc_item_title_tag\">Contenido de Nuestras Despensas<\/h5><\/div><!-- \/.sc_title -->[vc_empty_space hide_on_mobile=&#8221;&#8221;][vc_column_text]<\/p>\n<ol>\n<li style=\"font-weight: 400;\" aria-level=\"1\"><strong>Frijol<\/strong><\/li>\n<li style=\"font-weight: 400;\" aria-level=\"1\"><strong>Arroz<\/strong><\/li>\n<li style=\"font-weight: 400;\" aria-level=\"1\"><strong>Az\u00facar<\/strong><\/li>\n<li style=\"font-weight: 400;\" aria-level=\"1\"><strong>Harina de ma\u00edz<\/strong><\/li>\n<li style=\"font-weight: 400;\" aria-level=\"1\"><strong>Aceite vegetal<\/strong><\/li>\n<li style=\"font-weight: 400;\" aria-level=\"1\"><strong>At\u00fan\u00a0<\/strong><\/li>\n<li style=\"font-weight: 400;\" aria-level=\"1\"><strong>Sardina<\/strong><\/li>\n<li style=\"font-weight: 400;\" aria-level=\"1\"><strong>Leche<\/strong><\/li>\n<li style=\"font-weight: 400;\" aria-level=\"1\"><strong>Sal de mesa<\/strong><\/li>\n<li style=\"font-weight: 400;\" aria-level=\"1\"><strong>Avena<\/strong><\/li>\n<li style=\"font-weight: 400;\" aria-level=\"1\"><strong>Pasta para sopa<\/strong><\/li>\n<li style=\"font-weight: 400;\" aria-level=\"1\"><strong>Harina de trigo<\/strong><\/li>\n<li style=\"font-weight: 400;\" aria-level=\"1\"><strong>Chocolate<\/strong><\/li>\n<li style=\"font-weight: 400;\" aria-level=\"1\"><strong>Galletas mar\u00edas, animalitos y saladas<\/strong><\/li>\n<li style=\"font-weight: 400;\" aria-level=\"1\"><strong>Lentejas<\/strong><\/li>\n<li style=\"font-weight: 400;\" aria-level=\"1\"><strong>Jab\u00f3n de tocador<\/strong><\/li>\n<li style=\"font-weight: 400;\" aria-level=\"1\"><strong>Papel higi\u00e9nico<\/strong><\/li>\n<li style=\"font-weight: 400;\" aria-level=\"1\"><strong>Detergente en polvo<\/strong><\/li>\n<li style=\"font-weight: 400;\" aria-level=\"1\"><strong>Crema dental<\/strong><\/li>\n<li style=\"font-weight: 400;\" aria-level=\"1\"><strong>Carne de res<\/strong><\/li>\n<li style=\"font-weight: 400;\" aria-level=\"1\"><strong>Carne de puerco<\/strong><\/li>\n<li style=\"font-weight: 400;\" aria-level=\"1\"><strong>Pollo<\/strong><\/li>\n<li style=\"font-weight: 400;\" aria-level=\"1\"><strong>Tostadas<\/strong><\/li>\n<li style=\"font-weight: 400;\" aria-level=\"1\"><strong>Pan de barra<\/strong><\/li>\n<li style=\"font-weight: 400;\" aria-level=\"1\"><strong>Huevo fresco<\/strong><\/li>\n<li style=\"font-weight: 400;\" aria-level=\"1\"><strong>Agua purificada<\/strong><\/li>\n<li style=\"font-weight: 400;\" aria-level=\"1\"><strong>Pur\u00e9 de tomate envasado.<\/strong><\/li>\n<li style=\"font-weight: 400;\" aria-level=\"1\"><strong>Gelatina<\/strong><\/li>\n<li style=\"font-weight: 400;\" aria-level=\"1\"><strong>Frutas y verduras<\/strong><\/li>\n<\/ol>\n<p>[\/vc_column_text][\/vc_column_inner][vc_column_inner width=&#8221;1\/2&#8243;][vc_column_text]<span style=\"font-weight: 400;\">Entregamos apoyo mensual a familias con ni\u00f1os peque\u00f1os que se encuentran con necesidad. Este es un programa que busca combatir el hambre, la desnutrici\u00f3n y la injusticia de no tener lo m\u00e1s elemental: la comida.<\/span><\/p>\n<p><span style=\"font-weight: 400;\">Hoy, muchas familias no cuentan con ese sustento debido a la p\u00e9rdida de sus ingresos. Miles de personas en M\u00e9xico no tienen qu\u00e9 comer, lo que amenaza su salud, debilita su sistema inmunol\u00f3gico y aumenta el riesgo de contagio por enfermedades que limitan su desarrollo.\u00a0<\/span><\/p>\n<p><span style=\"font-weight: 400;\">Esta situaci\u00f3n es a\u00fan m\u00e1s grave para los ni\u00f1os y ni\u00f1as m\u00e1s vulnerables, quienes necesitan de nuestro apoyo para tener alimentos indispensables.<\/span>[\/vc_column_text][vc_column_text]<span style=\"font-weight: 400;\">En M\u00e9xico el 20% de los hogares padece de un deficiente acceso econ\u00f3mico y f\u00edsico a los alimentos. La poblaci\u00f3n nacional, particularmente ni\u00f1as y ni\u00f1os, est\u00e1 afectada por la triple carga de mala nutrici\u00f3n: sobrepeso y obesidad, desnutrici\u00f3n y carencias en micronutrientes.<\/span><\/p>\n<p><span style=\"font-weight: 400;\">La situaci\u00f3n econ\u00f3mica actual afecta negativamente los ingresos de millones de familias en nuestro pa\u00eds, con consecuencias muy preocupantes para la salud y nutrici\u00f3n de ni\u00f1as y ni\u00f1os, en particular debido a un acceso limitado a alimentos saludables.<\/span><\/p>\n<p><span style=\"font-weight: 400;\">Cada canasta incluye alimentos saludables suficientes para alimentar a una familia de 4 integrantes, as\u00ed como insumos de higiene e informaci\u00f3n sobre alimentaci\u00f3n saludable y prevenci\u00f3n de contagio de enfermedades.<\/span>[\/vc_column_text][vc_empty_space hide_on_mobile=&#8221;&#8221;]<div id=\"sc_title_124494407\"\n\t\tclass=\"sc_title sc_title_default\"><h5 class=\"sc_item_title sc_title_title sc_align_left sc_item_title_style_default sc_item_title_tag\">Nuestras metas:<\/h5><\/div><!-- \/.sc_title -->[vc_empty_space hide_on_mobile=&#8221;&#8221;][vc_column_text]<\/p>\n<h5><span style=\"font-weight: 400;\">Garantizar una mejor calidad de vida para nuestros ni\u00f1os, ofreci\u00e9ndoles la oportunidad de tener un sano desarrollo f\u00edsico mediante una alimentaci\u00f3n sana y balanceada.<\/span><\/h5>\n<p>[\/vc_column_text][vc_column_text]<div class=\"give-embed-form-wrapper\" id=\"give-69f43fefab519\"><iframe\n\t\t\t\tname=\"give-embed-form\"\n\t\t\t\tsrc=\"https:\/\/darayudaac.org\/2021?give_form_id=entrega-mensual-de-despensas&url_prefix=give&giveDonationFormInIframe=1&rest_route=%2Fwp%2Fv2%2Fpages%2F406\"\n\t\t\t\t\n\t\t\t\tdata-autoScroll=\"0\"\n\t\t\t\tonload=\"if( 'undefined' !== typeof Give ) { Give.initializeIframeResize(this) }\"\n\t\t\t\tstyle=\"border: 0;visibility: hidden;min-height: 598px;\"><\/iframe><div class=\"iframe-loader\">\n<div style=\"\n\t\theight: calc(100% - 28px);\n\t\twidth: calc(100% - 20px);\n\t\tmax-width: 552px;\n\t\tmargin: 10px auto 10px auto;\n\t\tbackground: #fff;\n\t\tborder-radius: 6px;\n\t\tdisplay: flex;\n\t\talign-items: center;\n\t\tjustify-content: center;\n\t\t-webkit-box-shadow: 0 2px 2px 0 rgba(0, 0, 0, 0.14),\n\t\t\t0 3px 1px -2px rgba(0, 0, 0, 0.2),\n\t\t\t0 1px 5px 0 rgba(0, 0, 0, 0.12);\n\t\tbox-shadow: 0 2px 2px 0 rgba(0, 0, 0, 0.14),\n\t\t\t0 3px 1px -2px rgba(0, 0, 0, 0.2),\n\t\t\t0 1px 5px 0 rgba(0, 0, 0, 0.12);\n\t\">\n    <div style=\"\n        pointer-events: none;\n        height: 90px;\n        width: 90px;\n        background-image: url(&quot;data:image\/svg+xml;charset=utf8,%3C?xml version='1.0' encoding='utf-8'?%3E%3C!-- Generator: Adobe Illustrator 24.1.0, SVG Export Plug-In . SVG Version: 6.00 Build 0) --%3E%3Csvg version='1.1' id='Layer_1' xmlns='http:\/\/www.w3.org\/2000\/svg' xmlns:xlink='http:\/\/www.w3.org\/1999\/xlink' x='0px' y='0px' viewBox='0 0 349 348' style='enable-background:new 0 0 349 348;' xml:space='preserve'%3E%3Cstyle type='text\/css'%3E .st0{fill:%237fc627;} %3C\/style%3E%3Cpath class='st0' d='M25.1,204.57c-13.38,0-24.47-10.6-24.97-24.08C0.04,178.09,0,175.97,0,174C0,77.78,78.28-0.5,174.5-0.5 c13.81,0,25,11.19,25,25s-11.19,25-25,25C105.85,49.5,50,105.35,50,174c0,1.37,0.03,2.85,0.1,4.65c0.51,13.8-10.27,25.39-24.07,25.9 C25.72,204.56,25.41,204.57,25.1,204.57z'\/%3E%3Cpath class='st0' d='M174.5,348.5c-13.81,0-25-11.19-25-25c0-13.81,11.19-25,25-25c68.65,0,124.5-55.85,124.5-124.5 c0-1.38-0.03-2.85-0.1-4.65c-0.51-13.8,10.26-25.4,24.06-25.91c13.83-0.53,25.4,10.26,25.91,24.06c0.09,2.39,0.13,4.51,0.13,6.49 C349,270.22,270.72,348.5,174.5,348.5z'\/%3E%3C\/svg%3E&quot;);\n        animation: spin 0.6s linear infinite;\n        \"><\/div>\n<\/div>\n<\/div><\/div>[\/vc_column_text][\/vc_column_inner][\/vc_row_inner][\/vc_column][\/vc_row][vc_row][vc_column][vc_empty_space hide_on_mobile=&#8221;&#8221;][vc_row_inner][vc_column_inner]<div id=\"sc_title_410169206\"\n\t\tclass=\"sc_title sc_title_default\"><h3 class=\"sc_item_title sc_title_title sc_align_left sc_item_title_style_default\">Programa sonrisas<\/h3><\/div><!-- \/.sc_title -->[\/vc_column_inner][\/vc_row_inner][vc_row_inner][vc_column_inner width=&#8221;1\/2&#8243;][vc_column_text]<span style=\"font-weight: 400;\">Realizamos brigadas de salud general, dental y psicol\u00f3gica en comunidades vulnerables. Ayudamos a proporcionar\u00a0 tratamientos dentales de prevenci\u00f3n y correcci\u00f3n de estructura dental para nuestros ni\u00f1os y ni\u00f1as de comunidades sin acceso a la salud p\u00fablica:<\/span><\/p>\n<ul>\n<li style=\"font-weight: 400;\" aria-level=\"1\"><strong>Limpieza dental y revisiones rutinarias.<\/strong><\/li>\n<li style=\"font-weight: 400;\" aria-level=\"1\"><strong>Tratamiento de caries e infecciones.<\/strong><\/li>\n<li style=\"font-weight: 400;\" aria-level=\"1\"><strong>Tratamiento de ortodoncia.<\/strong><\/li>\n<\/ul>\n<p><span style=\"font-weight: 400;\">Los ni\u00f1os en las comunidades empobrecidas viven sin acceso a necesidades sanitarias b\u00e1sicas como agua potable y saneamiento, lo que lleva a enfermedades prevenibles o algo peor. Los problemas de salud muchas veces causan que los ni\u00f1os se queden atr\u00e1s en sus estudios, y una falta de educaci\u00f3n lleva al consumo de drogas, embarazos precoces y pandillerismo.\u00a0<\/span><\/p>\n<p><b>Nuestras metas:<\/b><span style=\"font-weight: 400;\"><br \/>\n<\/span><span style=\"font-weight: 400;\">Garantizar una mejor calidad de vida para nuestros ni\u00f1os, ofreci\u00e9ndoles la oportunidad de tener un sano desarrollo f\u00edsico.<\/span><\/p>\n<p><b>Brigadas:<\/b><\/p>\n<p><span style=\"font-weight: 400;\">Las brigadas se programan de 3 a 4 veces al a\u00f1o con un grupo de dentistas y m\u00e9dicos\u00a0 voluntarios, quienes otorgan un 50% del costo de honorarios y materiales odontol\u00f3gicos para los tratamientos.\u00a0<\/span><\/p>\n<p><span style=\"font-weight: 400;\">En este programa se incluyen dentro de las brigadas de atenci\u00f3n, brigadas de informaci\u00f3n para el cuidado de la salud oral, con talleres especializados para ni\u00f1os sobre c\u00f3mo cuidar la salud de la boca con un cepillado correcto, sana alimentaci\u00f3n y entregas de kits de limpieza.<\/span>[\/vc_column_text][\/vc_column_inner][vc_column_inner width=&#8221;1\/2&#8243;][vc_single_image image=&#8221;1761&#8243; img_size=&#8221;large&#8221;][\/vc_column_inner][\/vc_row_inner][\/vc_column][\/vc_row][vc_row][vc_column][vc_empty_space hide_on_mobile=&#8221;&#8221;][\/vc_column][\/vc_row][vc_row][vc_column]<div id=\"sc_title_1598588895\"\n\t\tclass=\"sc_title sc_title_default\"><h3 class=\"sc_item_title sc_title_title sc_align_left sc_item_title_style_default\">Programa entrega mensual de apoyos econ\u00f3micos para gastos b\u00e1sicos de subsistencia:<\/h3><\/div><!-- \/.sc_title -->[\/vc_column][\/vc_row][vc_row][vc_column width=&#8221;1\/2&#8243;][vc_empty_space height=&#8221;50px&#8221; hide_on_mobile=&#8221;&#8221;][vc_column_text]<span style=\"font-weight: 400;\">Entregamos apoyo<\/span><b> monetario<\/b><span style=\"font-weight: 400;\"> de forma mensual para gastos fijos recurrentes del refugio a familias con ni\u00f1os peque\u00f1os que se encuentran con necesidad. Este es un programa que busca combatir la falta de servicios b\u00e1sicos necesarios para una vida digna como son:\u00a0<\/span><\/p>\n<ul>\n<li style=\"font-weight: 400;\" aria-level=\"1\"><strong>Pago de luz,\u00a0<\/strong><\/li>\n<li style=\"font-weight: 400;\" aria-level=\"1\"><strong>Agua,\u00a0\u00a0<\/strong><\/li>\n<li style=\"font-weight: 400;\" aria-level=\"1\"><strong>Servicios de gas\u00a0<\/strong><\/li>\n<li style=\"font-weight: 400;\" aria-level=\"1\"><strong>As\u00ed como para gastos emergentes.<\/strong><\/li>\n<\/ul>\n<p><b>Nuestras metas:<\/b><\/p>\n<p><span style=\"font-weight: 400;\">Garantizar una mejor calidad de vida para nuestros ni\u00f1os, ofreci\u00e9ndoles la oportunidad de tener un sano desarrollo con las herramientas necesarias en un entorno digno que cubra sus necesidades y as\u00ed garantizarles un mejor futuro, con la esperanza de poder realizar todos sus sue\u00f1os.<\/span><\/p>\n<p><span style=\"font-weight: 400;\">Se considera que un hogar se encuentra en situaci\u00f3n de pobreza energ\u00e9tica cuando \u00e9sta no puede asumir el pago de los suministros de luz, agua y gas para satisfacer las necesidades dom\u00e9sticas b\u00e1sicas o se ve obligado a destinar una parte excesiva de sus ingresos al pago de las facturas de estos suministros<\/span>[\/vc_column_text][\/vc_column][vc_column width=&#8221;1\/2&#8243;][vc_single_image image=&#8221;1542&#8243; img_size=&#8221;full&#8221;][\/vc_column][\/vc_row][vc_row][vc_column]<div id=\"sc_title_1414779537\"\n\t\tclass=\"sc_title sc_title_default\"><h3 class=\"sc_item_title sc_title_title sc_align_left sc_item_title_style_default\">Programa Amor, Inclusi\u00f3n y Desarrollo para ni\u00f1os y ni\u00f1as con discapacidad.<\/h3><\/div><!-- \/.sc_title -->[\/vc_column][\/vc_row][vc_row][vc_column][vc_empty_space height=&#8221;70px&#8221; hide_on_mobile=&#8221;&#8221;][\/vc_column][\/vc_row][vc_row][vc_column width=&#8221;1\/2&#8243;][vc_column_text]<span style=\"font-weight: 400;\">De la mano con asociaciones y m\u00e9dicos del sector privado que atienden las necesidades de ni\u00f1os y ni\u00f1as con alguna discapacidad, nos unimos para otorgar apoyo a familias con necesidad econ\u00f3mica para su subsistencia y llevar a cabo tratamientos m\u00e9dicos y terapias que deriven de alg\u00fan padecimiento f\u00edsico cr\u00f3nico, desventaja f\u00edsica, intelectual o sensorial.<\/span><\/p>\n<p><span style=\"font-weight: 400;\">En M\u00e9xico, los ni\u00f1os en situaci\u00f3n de discapacidad est\u00e1n m\u00e1s expuestos que los dem\u00e1s al maltrato, a la exclusi\u00f3n y a la discriminaci\u00f3n.<\/span><\/p>\n<p><span style=\"font-weight: 400;\">Luchar contra la exclusi\u00f3n de los ni\u00f1os discapacitados:<\/span><\/p>\n<p><span style=\"font-weight: 400;\">Los ni\u00f1os discapacitados siguen siendo particularmente vulnerables. Las tradiciones, las creencias o las dificultades econ\u00f3micas hacen que algunos padres los desatiendan y hasta los abandonen. El acceso a la educaci\u00f3n de los ni\u00f1os discapacitados sigue siendo dif\u00edcil y poco adecuado. La generalizaci\u00f3n de la educaci\u00f3n inclusiva puede representar un medio para remediar esta situaci\u00f3n. Se trata de darle al ni\u00f1o con discapacidad las mismas posibilidades de educaci\u00f3n dentro del sistema escolar. Con el enfoque inclusivo se alienta a los alumnos, a las escuelas y a su personal, a que se preparen a acoger a un ni\u00f1o con discapacidad.<\/span><\/p>\n<p>&nbsp;<\/p>\n<p><b>Llevamos a cabo:<\/b><\/p>\n<ul>\n<li style=\"font-weight: 400;\" aria-level=\"1\"><span style=\"font-weight: 400;\">Apoyo a las familias con despensa y econ\u00f3micamente para ayudar a cubrir sus necesidades b\u00e1sicas y terapias.<\/span><\/li>\n<li style=\"font-weight: 400;\" aria-level=\"1\"><span style=\"font-weight: 400;\">Implementaci\u00f3n de la educaci\u00f3n inclusiva en los establecimientos de ense\u00f1anza general mediante brigadas de informaci\u00f3n para normalizar la igualdad.<\/span><\/li>\n<li style=\"font-weight: 400;\" aria-level=\"1\"><span style=\"font-weight: 400;\">Promoci\u00f3n de la detecci\u00f3n temprana de las enfermedades que pueden traer como consecuencia una discapacidad f\u00edsica.<\/span><\/li>\n<li style=\"font-weight: 400;\" aria-level=\"1\"><span style=\"font-weight: 400;\">Apadrinamiento mediante fundaciones dedicadas a actividades de inclusi\u00f3n y rehabilitaci\u00f3n.<\/span><\/li>\n<\/ul>\n<p>[\/vc_column_text][\/vc_column][vc_column width=&#8221;1\/2&#8243;][\/vc_column][\/vc_row][vc_row][vc_column][vc_empty_space height=&#8221;70px&#8221; hide_on_mobile=&#8221;&#8221;][\/vc_column][\/vc_row][vc_row][vc_column width=&#8221;1\/2&#8243;]<div id=\"sc_title_1842671290\"\n\t\tclass=\"sc_title sc_title_default\"><h3 class=\"sc_item_title sc_title_title sc_align_left sc_item_title_style_default\">Un juguete una sonrisa.<\/h3><\/div><!-- \/.sc_title -->[\/vc_column][\/vc_row][vc_row][vc_column][vc_empty_space height=&#8221;70px&#8221; hide_on_mobile=&#8221;&#8221;][\/vc_column][\/vc_row][vc_row][vc_column width=&#8221;1\/2&#8243;][vc_column_text]<span style=\"font-weight: 400;\">Este programa consiste en llevar un poco de alegr\u00eda a ni\u00f1os y ni\u00f1as en fechas especiales como lo son d\u00eda de Reyes y d\u00eda del ni\u00f1o. En este evento entregamos juguetes nuevos y usados en buen estado que son recabados a lo largo del a\u00f1o mediante donaciones.<\/span><\/p>\n<p><span style=\"font-weight: 400;\">En este programa no se realiza una solicitud previa, as\u00ed que cualquier ni\u00f1o que lo necesite puede ser beneficiario.<\/span><\/p>\n<p><span style=\"font-weight: 400;\">Las comunidades donde se realizan estas entregas son seleccionadas de acuerdo el grado de necesidad y carencia econ\u00f3mica.<\/span>[\/vc_column_text][\/vc_column][vc_column width=&#8221;1\/2&#8243;][vc_images_carousel images=&#8221;1763,1764&#8243; img_size=&#8221;large&#8221;][\/vc_column][\/vc_row][vc_row][vc_column][vc_empty_space height=&#8221;70px&#8221; hide_on_mobile=&#8221;&#8221;][\/vc_column][\/vc_row][vc_row][vc_column]<div id=\"sc_title_1931688217\"\n\t\tclass=\"sc_title sc_title_default\"><h3 class=\"sc_item_title sc_title_title sc_align_left sc_item_title_style_default\">Donativo de \u00fatiles escolares.<\/h3><\/div><!-- \/.sc_title -->[\/vc_column][\/vc_row][vc_row][vc_column width=&#8221;1\/2&#8243;][vc_column_text]<span style=\"font-weight: 400;\">Este programa consiste en otorgar un paquete de \u00fatiles escolares al inicio de cada siclo escolar (agosto).\u00a0 No se requiere solicitud previa y puede ser otorgado a cualquier ni\u00f1o o ni\u00f1a que lo necesite.<\/span><\/p>\n<p><span style=\"font-weight: 400;\">Las comunidades donde se realizan estas entregas son seleccionadas de acuerdo el grado de necesidad y carencia econ\u00f3mica.<\/span>[\/vc_column_text][\/vc_column][vc_column width=&#8221;1\/2&#8243;][\/vc_column][\/vc_row][vc_row][vc_column][vc_empty_space height=&#8221;70px&#8221; hide_on_mobile=&#8221;&#8221;][\/vc_column][\/vc_row][vc_row][vc_column]<div id=\"sc_title_1738393775\"\n\t\tclass=\"sc_title sc_title_default\"><h3 class=\"sc_item_title sc_title_title sc_align_left sc_item_title_style_default\">Colectas en especie: comida, ropa, juguetes y art\u00edculos en buen estado para ni\u00f1o y ni\u00f1a.<\/h3><\/div><!-- \/.sc_title -->[\/vc_column][\/vc_row][vc_row][vc_column][vc_empty_space hide_on_mobile=&#8221;&#8221;][\/vc_column][\/vc_row][vc_row][vc_column width=&#8221;1\/2&#8243;][vc_column_text]<span style=\"font-weight: 400;\">A lo largo del a\u00f1o se llevan a cabo colectas de diversos art\u00edculos en nuestros centros de acopio para posteriormente programar entregas en comunidades vulnerables. Contamos con 3 centros de acopio para recepci\u00f3n de donativos en especie:<\/span><\/p>\n<ul>\n<li style=\"font-weight: 400;\" aria-level=\"1\"><span style=\"font-weight: 400;\">Oficinas centrales DAR AYUDA A LA NI\u00d1EZ AC: Av. Cuauht\u00e9moc 1312-B Santa cruz Atoyac Benito Ju\u00e1rez CDMX.<\/span><\/li>\n<li style=\"font-weight: 400;\" aria-level=\"1\"><span style=\"font-weight: 400;\">Boulevard Manuel \u00c1vila Camacho #1125, Estado de M\u00e9xico. (Patt Beauty Advisor).<\/span><\/li>\n<li style=\"font-weight: 400;\" aria-level=\"1\"><span style=\"font-weight: 400;\">Avenida Miraflores 7043, Jardines del Rub\u00ed, San Antonio de los Buenos. 22637 Tijuana, B.C. (Victoria Showroom Colectivo).<\/span><\/li>\n<\/ul>\n<p><b>Recibimos:<\/b><\/p>\n<ol>\n<li style=\"font-weight: 400;\" aria-level=\"1\"><span style=\"font-weight: 400;\">Comida enlatada no perecedera.<\/span><\/li>\n<li style=\"font-weight: 400;\" aria-level=\"1\"><span style=\"font-weight: 400;\">Leche.<\/span><\/li>\n<li style=\"font-weight: 400;\" aria-level=\"1\"><span style=\"font-weight: 400;\">Agua embotellada.<\/span><\/li>\n<li style=\"font-weight: 400;\" aria-level=\"1\"><span style=\"font-weight: 400;\">Pa\u00f1ales de todas las tallas.<\/span><\/li>\n<li style=\"font-weight: 400;\" aria-level=\"1\"><span style=\"font-weight: 400;\">Toallitas h\u00famedas.<\/span><\/li>\n<li style=\"font-weight: 400;\" aria-level=\"1\"><span style=\"font-weight: 400;\">Art\u00edculos de limpieza personal: Shampo, jab\u00f3n corporal.<\/span><\/li>\n<li style=\"font-weight: 400;\" aria-level=\"1\"><span style=\"font-weight: 400;\">Art\u00edculos de limpieza para el hogar: Cloro, detergente, limpiador de pisos.<\/span><\/li>\n<li style=\"font-weight: 400;\" aria-level=\"1\"><span style=\"font-weight: 400;\">Ropa<\/span><\/li>\n<li style=\"font-weight: 400;\" aria-level=\"1\"><span style=\"font-weight: 400;\">Zapatos<\/span><\/li>\n<li style=\"font-weight: 400;\" aria-level=\"1\"><span style=\"font-weight: 400;\">Juguetes<\/span><\/li>\n<li style=\"font-weight: 400;\" aria-level=\"1\"><span style=\"font-weight: 400;\">Art\u00edculos escolares<\/span><\/li>\n<li style=\"font-weight: 400;\" aria-level=\"1\"><span style=\"font-weight: 400;\">Libros<\/span><\/li>\n<\/ol>\n<p>[\/vc_column_text][\/vc_column][vc_column width=&#8221;1\/2&#8243;][\/vc_column][\/vc_row][vc_row][vc_column][vc_empty_space height=&#8221;70px&#8221; hide_on_mobile=&#8221;&#8221;][\/vc_column][\/vc_row][vc_row][vc_column]<div id=\"sc_title_1925978662\"\n\t\tclass=\"sc_title sc_title_default\"><h3 class=\"sc_item_title sc_title_title sc_align_left sc_item_title_style_default\">Programa de apadrinamiento:<\/h3><\/div><!-- \/.sc_title -->[\/vc_column][\/vc_row][vc_row][vc_column][vc_empty_space height=&#8221;70px&#8221; hide_on_mobile=&#8221;&#8221;][\/vc_column][\/vc_row][vc_row][vc_column width=&#8221;1\/2&#8243;][vc_column_text]<span style=\"font-weight: 400;\">Apadrina a un ni\u00f1o o ni\u00f1a que se encuentra luchando conta el c\u00e1ncer, con alguna discapacidad o en situaci\u00f3n precaria para que pueda tener una mejor calidad de vida y pueda alcanzar su m\u00e1ximo potencial mediante una aportaci\u00f3n fija mensual.<\/span><\/p>\n<p><span style=\"font-weight: 400;\">En este programa se tiene la oportunidad de reportar de manera semestral al padrino los avances del ni\u00f1o o ni\u00f1a beneficiaria. Se realiza un seguimiento puntual y los ni\u00f1os tienen la oportunidad de expresar su agradecimiento por medio de correo electr\u00f3nico, ya sea mediante una carta, fotograf\u00eda o video. Fortaleciendo el lazo humano del padrino (a) y con la causa.<\/span><\/p>\n<p><span style=\"font-weight: 400;\">Nuestra meta es garantizar una mejor calidad de vida para nuestros ni\u00f1os, ofreci\u00e9ndoles la oportunidad de tener un sano desarrollo f\u00edsico, mental\u00a0 y un mejor futuro, con la esperanza de poder realizar todos sus sue\u00f1os.<\/span>[\/vc_column_text][\/vc_column][vc_column width=&#8221;1\/2&#8243;][vc_images_carousel images=&#8221;1765,1766,1767&#8243; img_size=&#8221;large&#8221;][\/vc_column][\/vc_row]<\/p>\n","protected":false},"excerpt":{"rendered":"<p>[vc_row css=&#8221;.vc_custom_1639908629154{background-image: url(https:\/\/darayudaac.org\/2021\/wp-content\/uploads\/2021\/12\/6-scaled.jpg?id=1609) !important;}&#8221;][vc_column][\/vc_column][\/vc_row][vc_row][vc_column][vc_empty_space height=&#8221;70px&#8221; hide_on_mobile=&#8221;&#8221;][\/vc_column][\/vc_row][vc_row][vc_column][vc_empty_space height=&#8221;5.1em&#8221; alter_height=&#8221;none&#8221; hide_on_mobile=&#8221;&#8221;][vc_column_text] Nuestros. Programas [\/vc_column_text][vc_empty_space height=&#8221;1.35em&#8221; alter_height=&#8221;none&#8221; hide_on_mobile=&#8221;&#8221;][vc_column_text] Conoce m\u00e1s detalles [\/vc_column_text][vc_empty_space height=&#8221;2.4em&#8221; alter_height=&#8221;none&#8221; hide_on_mobile=&#8221;&#8221;][vc_empty_space height=&#8221;3.6em&#8221; alter_height=&#8221;none&#8221; hide_on_mobile=&#8221;&#8221;][\/vc_column][\/vc_row][vc_row css=&#8221;.vc_custom_1640995990971{margin-right: 0px !important;margin-left: 0px !important;background-image: url(https:\/\/darayudaac.org\/2021\/wp-content\/uploads\/2022\/01\/cancer.jpg?id=1746) !important;background-position: center !important;background-repeat: no-repeat !important;background-size: cover !important;border-radius: 5px&hellip;<\/p>\n","protected":false},"author":1,"featured_media":0,"parent":0,"menu_order":0,"comment_status":"closed","ping_status":"closed","template":"","meta":{"om_disable_all_campaigns":false,"_monsterinsights_skip_tracking":false,"_monsterinsights_sitenote_active":false,"_monsterinsights_sitenote_note":"","_monsterinsights_sitenote_category":0},"_links":{"self":[{"href":"https:\/\/darayudaac.org\/2021\/index.php?rest_route=\/wp\/v2\/pages\/406"}],"collection":[{"href":"https:\/\/darayudaac.org\/2021\/index.php?rest_route=\/wp\/v2\/pages"}],"about":[{"href":"https:\/\/darayudaac.org\/2021\/index.php?rest_route=\/wp\/v2\/types\/page"}],"author":[{"embeddable":true,"href":"https:\/\/darayudaac.org\/2021\/index.php?rest_route=\/wp\/v2\/users\/1"}],"replies":[{"embeddable":true,"href":"https:\/\/darayudaac.org\/2021\/index.php?rest_route=%2Fwp%2Fv2%2Fcomments&post=406"}],"version-history":[{"count":18,"href":"https:\/\/darayudaac.org\/2021\/index.php?rest_route=\/wp\/v2\/pages\/406\/revisions"}],"predecessor-version":[{"id":1768,"href":"https:\/\/darayudaac.org\/2021\/index.php?rest_route=\/wp\/v2\/pages\/406\/revisions\/1768"}],"wp:attachment":[{"href":"https:\/\/darayudaac.org\/2021\/index.php?rest_route=%2Fwp%2Fv2%2Fmedia&parent=406"}],"curies":[{"name":"wp","href":"https:\/\/api.w.org\/{rel}","templated":true}]}}